{"id":2,"date":"2017-07-19T23:16:12","date_gmt":"2017-07-19T21:16:12","guid":{"rendered":"http:\/\/hyperbate.fr\/legendefamilale\/?page_id=2"},"modified":"2017-07-20T10:01:37","modified_gmt":"2017-07-20T08:01:37","slug":"la_legende","status":"publish","type":"page","link":"https:\/\/hyperbate.fr\/legendefamiliale\/la_legende\/","title":{"rendered":"La L\u00e9gende"},"content":{"rendered":"<p>Andr\u00e9 Lafargue, mon grand-p\u00e8re, est mort dans la nuit du 17 au 18 juin 2017 \u00e0 l&rsquo;\u00e2ge de cent ans et quinze jours. R\u00e9sistant, d\u00e9port\u00e9, puis journaliste sp\u00e9cialis\u00e9 dans le cin\u00e9ma et le th\u00e9\u00e2tre, il est all\u00e9 chaque jour, jusqu&rsquo;\u00e0 sa mort, \u00e0 la r\u00e9daction du <em>Parisien<\/em>, son journal. Jusqu&rsquo;\u00e0 un certain \u00e2ge, je l&rsquo;ai peu fr\u00e9quent\u00e9 : il vivait s\u00e9par\u00e9 de ma grand-m\u00e8re. Et puis nous avons nou\u00e9 contact et je l&rsquo;ai \u00e9cout\u00e9 me raconter son existence passionnante.<\/p>\n<p>J&rsquo;ai bien mieux connu ma grand-m\u00e8re, Am\u00e9na\u00efde Fressinaud Mas-de-Feix (selon le livret de famille de mes parents : Marie Andr\u00e9e Fressinaud Masdefeix), d\u00e9c\u00e9d\u00e9e il y a trente ans, mais dont les r\u00e9cits \u00e9taient souvent exag\u00e9r\u00e9s et embellis au point que ceux qui lui ont surv\u00e9cu ont du mal \u00e0 d\u00e9m\u00ealer le vrai du faux, ou plut\u00f4t les faits de la fable.<br \/>\nSur ce blog, je vais tenter de me rem\u00e9morer des bribes de ce que j&rsquo;ai entendu.<br \/>\nIl y aura sans doute des histoires mal comprises, magnifi\u00e9es, peut-\u00eatre des contre-sens. Tant pis.<\/p>\n","protected":false},"excerpt":{"rendered":"<p>Andr\u00e9 Lafargue, mon grand-p\u00e8re, est mort dans la nuit du 17 au 18 juin 2017 \u00e0 l&rsquo;\u00e2ge de cent ans et quinze jours. R\u00e9sistant, d\u00e9port\u00e9, puis journaliste sp\u00e9cialis\u00e9 dans le cin\u00e9ma et le th\u00e9\u00e2tre, il est all\u00e9 chaque jour, jusqu&rsquo;\u00e0 sa mort, \u00e0 la r\u00e9daction du Parisien, son journal. Jusqu&rsquo;\u00e0 un certain \u00e2ge, je l&rsquo;ai &hellip; <a href=\"https:\/\/hyperbate.fr\/legendefamiliale\/la_legende\/\" class=\"more-link\">Continuer la lecture de <span class=\"screen-reader-text\">La L\u00e9gende<\/span> <span class=\"meta-nav\">&rarr;<\/span><\/a><\/p>\n","protected":false},"author":1,"featured_media":0,"parent":0,"menu_order":0,"comment_status":"closed","ping_status":"closed","template":"","meta":{"footnotes":""},"class_list":["post-2","page","type-page","status-publish","hentry"],"_links":{"self":[{"href":"https:\/\/hyperbate.fr\/legendefamiliale\/wp-json\/wp\/v2\/pages\/2","targetHints":{"allow":["GET"]}}],"collection":[{"href":"https:\/\/hyperbate.fr\/legendefamiliale\/wp-json\/wp\/v2\/pages"}],"about":[{"href":"https:\/\/hyperbate.fr\/legendefamiliale\/wp-json\/wp\/v2\/types\/page"}],"author":[{"embeddable":true,"href":"https:\/\/hyperbate.fr\/legendefamiliale\/wp-json\/wp\/v2\/users\/1"}],"replies":[{"embeddable":true,"href":"https:\/\/hyperbate.fr\/legendefamiliale\/wp-json\/wp\/v2\/comments?post=2"}],"version-history":[{"count":3,"href":"https:\/\/hyperbate.fr\/legendefamiliale\/wp-json\/wp\/v2\/pages\/2\/revisions"}],"predecessor-version":[{"id":46,"href":"https:\/\/hyperbate.fr\/legendefamiliale\/wp-json\/wp\/v2\/pages\/2\/revisions\/46"}],"wp:attachment":[{"href":"https:\/\/hyperbate.fr\/legendefamiliale\/wp-json\/wp\/v2\/media?parent=2"}],"curies":[{"name":"wp","href":"https:\/\/api.w.org\/{rel}","templated":true}]}}